{"id":106,"date":"2018-12-28T16:25:15","date_gmt":"2018-12-28T16:25:15","guid":{"rendered":"http:\/\/conversationslexikon.de\/?page_id=106"},"modified":"2020-09-14T12:54:18","modified_gmt":"2020-09-14T12:54:18","slug":"impressum","status":"publish","type":"page","link":"https:\/\/conversationslexikon.de\/?page_id=106","title":{"rendered":"impressum"},"content":{"rendered":"\n<p>Bitte wenden Sie sich postalisch an: <\/p>\n\n\n\n<p>Chodzinski\/ K\u00f6tting<br>Canfactory \/ Dosenfabrik<br>Stresemannstrasse 374, Haus E<br>D-22761 Hamburg<\/p>\n\n\n\n<p>oder per Mail an:<br>buero(at)revisionsverlag.de<br><\/p>\n\n\n\n<p>Haftungshinweis: Trotz sorgf\u00e4ltiger inhaltlicher Kontrolle \u00fcbernehmen wir keine Haftung f\u00fcr die Inhalte externer Links. F\u00fcr den Inhalt der verlinkten Seiten sind ausschlie\u00dflich deren Betreiber verantwortlich.<\/p>\n\n\n\n<p>Dr. C.&#8217;s Conversationslexikon (#drcc) ist vor allem die Gemeinschaftsarbeit von<strong> Armin Chodzinski<\/strong> und <strong>Nis K\u00f6tting<\/strong>. <strong><a href=\"https:\/\/de.wikipedia.org\/wiki\/Armin_Chodzinski\">Armin Chodzinski <\/a><\/strong>schreibt, recherchiert, spricht Dr. C. und f\u00fchrt Regie, w\u00e4hrend<strong> <\/strong><a href=\"https:\/\/www.niskoetting.com\"><strong>Nis K\u00f6tting<\/strong><\/a> als musikalischer Direktor f\u00fcr die Produktion und den Klang verantwortlich zeichnet. <\/p>\n\n\n\n<p>Dar\u00fcber hinaus basiert #drcc auf Sprecherinnen und Musikern, die mehr als das sind und das Conversationslexikon ma\u00dfgeblich pr\u00e4gen.<strong> <\/strong><a href=\"https:\/\/de.wikipedia.org\/wiki\/Ruth_Marie_Kr\u00f6ger\"><strong>Ruth Marie Kr\u00f6ger<\/strong><\/a><strong> <\/strong>spricht die Zuh\u00f6rende, <a href=\"https:\/\/de.wikipedia.org\/wiki\/Andreas_Gr\u00f6tzinger\"><strong>Andreas Gr\u00f6tzinge<\/strong>r<\/a> den Zuh\u00f6renden, <strong><a href=\"http:\/\/irisminich.de\"> Iris Minich <\/a><\/strong>moderiert und<strong><a href=\"http:\/\/www.kontrabass-hamburg.de\"> Gerd Bauder <\/a><\/strong>erg\u00e4nzt musikalische Kompetenz. Erweitert wir der Kreis durch diverse Gastauftritte, zum Beispiel von <strong><a href=\"http:\/\/www.textem.de\/christoph_steinegger_gespenster.0.html\">Nora Sdun<\/a><\/strong>, <strong>Jens Tramsen, <\/strong><a href=\"https:\/\/de.wikipedia.org\/wiki\/Tommaso_Cacciapuoti\"><strong>Tommaso Cacciapuoti<\/strong><\/a><strong>, <\/strong><a href=\"https:\/\/www.matthiasfriedel.de\"><strong>Matthias Friedel <\/strong><\/a>und vielen Anderen mehr.<\/p>\n\n\n\n<p>Kritisch begleitet wird das Conversationslexikon vor allem von <strong><a href=\"https:\/\/de.wikipedia.org\/wiki\/Walter_Filz\">Walter Filz<\/a><\/strong>. <\/p>\n\n\n\n<p><\/p>\n\n\n\n<p>Alle Rechte vorbehalten.<br>\u00a9 Armin Chodzinski 2018<\/p>\n","protected":false},"excerpt":{"rendered":"<p>Bitte wenden Sie sich postalisch an: Chodzinski\/ K\u00f6ttingCanfactory \/ DosenfabrikStresemannstrasse 374, Haus ED-22761 Hamburg oder per Mail an:buero(at)revisionsverlag.de Haftungshinweis: Trotz sorgf\u00e4ltiger inhaltlicher Kontrolle \u00fcbernehmen wir keine Haftung f\u00fcr die Inhalte [&hellip;]<\/p>\n","protected":false},"author":1,"featured_media":107,"parent":0,"menu_order":0,"comment_status":"closed","ping_status":"closed","template":"","meta":{"footnotes":""},"_links":{"self":[{"href":"https:\/\/conversationslexikon.de\/index.php?rest_route=\/wp\/v2\/pages\/106"}],"collection":[{"href":"https:\/\/conversationslexikon.de\/index.php?rest_route=\/wp\/v2\/pages"}],"about":[{"href":"https:\/\/conversationslexikon.de\/index.php?rest_route=\/wp\/v2\/types\/page"}],"author":[{"embeddable":true,"href":"https:\/\/conversationslexikon.de\/index.php?rest_route=\/wp\/v2\/users\/1"}],"replies":[{"embeddable":true,"href":"https:\/\/conversationslexikon.de\/index.php?rest_route=%2Fwp%2Fv2%2Fcomments&post=106"}],"version-history":[{"count":3,"href":"https:\/\/conversationslexikon.de\/index.php?rest_route=\/wp\/v2\/pages\/106\/revisions"}],"predecessor-version":[{"id":549,"href":"https:\/\/conversationslexikon.de\/index.php?rest_route=\/wp\/v2\/pages\/106\/revisions\/549"}],"wp:featuredmedia":[{"embeddable":true,"href":"https:\/\/conversationslexikon.de\/index.php?rest_route=\/wp\/v2\/media\/107"}],"wp:attachment":[{"href":"https:\/\/conversationslexikon.de\/index.php?rest_route=%2Fwp%2Fv2%2Fmedia&parent=106"}],"curies":[{"name":"wp","href":"https:\/\/api.w.org\/{rel}","templated":true}]}}